{"id":437,"date":"2021-11-28T13:51:44","date_gmt":"2021-11-28T13:51:44","guid":{"rendered":"https:\/\/reklamhimzes.hu\/?page_id=437"},"modified":"2021-11-28T14:21:35","modified_gmt":"2021-11-28T14:21:35","slug":"adatvedelmi-szabalyzat","status":"publish","type":"page","link":"https:\/\/reklamhimzes.hu\/?page_id=437","title":{"rendered":"Adatv\u00e9delmi szab\u00e1lyzat"},"content":{"rendered":"\t\t<div data-elementor-type=\"wp-page\" data-elementor-id=\"437\" class=\"elementor elementor-437\">\n\t\t\t\t\t\t\t\t\t<section class=\"elementor-section elementor-top-section elementor-element elementor-element-7cbc78e elementor-section-boxed elementor-section-height-default elementor-section-height-default\" data-id=\"7cbc78e\" data-element_type=\"section\">\n\t\t\t\t\t\t<div class=\"elementor-container elementor-column-gap-default\">\n\t\t\t\t\t<div class=\"elementor-column elementor-col-100 elementor-top-column elementor-element elementor-element-bdce08f\" data-id=\"bdce08f\" data-element_type=\"column\">\n\t\t\t<div class=\"elementor-widget-wrap elementor-element-populated\">\n\t\t\t\t\t\t\t\t<div class=\"elementor-element elementor-element-4e242f1 elementor-widget elementor-widget-text-editor\" data-id=\"4e242f1\" data-element_type=\"widget\" data-widget_type=\"text-editor.default\">\n\t\t\t\t<div class=\"elementor-widget-container\">\n\t\t\t\t\t\t\t<section data-id=\"87bfdbd\" data-element_type=\"section\"><div><div><div data-id=\"412cccf\" data-element_type=\"column\"><div><div><div data-id=\"1f9a8db\" data-element_type=\"widget\" data-widget_type=\"heading.default\"><div>\u00dcdv\u00f6z\u00f6lj\u00fck! A jelen t\u00e1j\u00e9koztat\u00e1s c\u00e9lja, hogy a www.reklamhimzes.hu weboldalon el\u00e9rhet\u0151 szolg\u00e1ltat\u00e1sokhoz kapcsol\u00f3d\u00f3 k\u00f6zvet\u00edt\u0151i-, adatv\u00e9delmi \u00e9s adatkezel\u00e9si tev\u00e9kenys\u00e9gekre vonatkoz\u00f3 inform\u00e1ci\u00f3t ny\u00fajtson \u00d6nnek annak \u00e9rdek\u00e9ben, hogy szolg\u00e1ltat\u00e1saink ig\u00e9nybev\u00e9tel\u00e9r\u0151l \u00e9s a sz\u00fcks\u00e9ges hozz\u00e1j\u00e1rul\u00e1sok megad\u00e1s\u00e1r\u00f3l megfelel\u0151 el\u0151zetes t\u00e1j\u00e9koztat\u00e1s birtok\u00e1ban hozzon d\u00f6nt\u00e9st.<\/div><\/div><\/div><\/div><\/div><\/div><\/div><\/section><section data-id=\"0bef943\" data-element_type=\"section\"><div data-id=\"9dbde53\" data-element_type=\"column\"><div data-id=\"df86e69\" data-element_type=\"widget\" data-widget_type=\"text-editor.default\"><p>A t\u00e1j\u00e9koztat\u00e1s \u00e9s az adatkezel\u00e9si, k\u00f6zvet\u00edt\u0151i tev\u00e9kenys\u00e9gek alapj\u00e1ul szolg\u00e1l\u00f3 jogszab\u00e1lyok:<\/p><ul><li>az Eur\u00f3pai Parlament \u00e9s a Tan\u00e1cs 2016\/679 Rendelet\u00e9ben (a tov\u00e1bbiakban: GDPR)<\/li><li>az inform\u00e1ci\u00f3s \u00f6nrendelkez\u00e9si jogr\u00f3l \u00e9s az inform\u00e1ci\u00f3szabads\u00e1gr\u00f3l sz\u00f3l\u00f3 2011. \u00e9vi CXII. t\u00f6rv\u00e9ny,<\/li><li>a gazdas\u00e1gi rekl\u00e1mtev\u00e9kenys\u00e9g alapvet\u0151 felt\u00e9teleir\u0151l \u00e9s egyes korl\u00e1tair\u00f3l sz\u00f3l\u00f3 2008. \u00e9vi XLVIII. t\u00f6rv\u00e9ny,<\/li><li>az elektronikus kereskedelmi szolg\u00e1ltat\u00e1sok, valamint az inform\u00e1ci\u00f3s t\u00e1rsadalommal \u00f6sszef\u00fcgg\u0151 szolg\u00e1ltat\u00e1sok egyes k\u00e9rd\u00e9seir\u0151l sz\u00f3l\u00f3 2001. \u00e9vi CVIII. t\u00f6rv\u00e9ny,<\/li><li>a kutat\u00e1s \u00e9s a k\u00f6zvetlen \u00fczletszerz\u00e9s c\u00e9lj\u00e1t szolg\u00e1l\u00f3 n\u00e9v- \u00e9s lakc\u00edmadatok kezel\u00e9s\u00e9r\u0151l sz\u00f3l\u00f3 1995. \u00e9vi CXIX. t\u00f6rv\u00e9ny,<\/li><li>a hitelint\u00e9zetekr\u0151l \u00e9s a p\u00e9nz\u00fcgyi v\u00e1llalkoz\u00e1sokr\u00f3l sz\u00f3l\u00f3 2013. \u00e9vi CCXXXVII. t\u00f6rv\u00e9ny (a tov\u00e1bbiakban: Hpt.),<\/li><li>a p\u00e9nzmos\u00e1s \u00e9s a terrorizmus finansz\u00edroz\u00e1sa megel\u0151z\u00e9s\u00e9r\u0151l \u00e9s megakad\u00e1lyoz\u00e1s\u00e1r\u00f3l sz\u00f3l\u00f3 2017. \u00e9vi LIII. t\u00f6rv\u00e9ny (Pmt.)<\/li><li>a biztos\u00edt\u00e1si tev\u00e9kenys\u00e9gr\u0151l sz\u00f3l\u00f3 2014. \u00e9vi LXXXVIII. t\u00f6rv\u00e9ny (Bit.)<\/li><\/ul><p>A www.reklamhimzes.hu honlap \u00e9s az \u00fczemeltet\u00e9s\u00e9hez kapcsol\u00f3d\u00f3 valamennyi jog a<br \/>S\u00dcLEYMAN Korl\u00e1tolt Felel\u0151ss\u00e9g\u0171 T\u00e1rsas\u00e1g<strong>.<\/strong>-t (sz\u00e9khely:1165 Budapest, \u00dajsz\u00e1sz utca 45\/b, ad\u00f3sz\u00e1m: 10437766-2-42<strong>)<\/strong>\u00a0illeti.<\/p><p>A\u00a0<strong>www.reklamhimzes.hu<\/strong>\u00a0honlapon megjelen\u0151 p\u00e9nz\u00fcgyi szolg\u00e1ltat\u00e1sok tekintet\u00e9ben jelenleg tev\u00e9kenys\u00e9get nem v\u00e9gez.<\/p><p>A\u00a0<strong>S\u00fcleyman KFt.<\/strong>\u00a0a honlapon megjelen\u0151 egyes p\u00e9nz\u00fcgyi \u00e9s befektet\u00e9si term\u00e9kekhez kapcsol\u00f3d\u00f3an marketing tev\u00e9kenys\u00e9get v\u00e9gez. Marketing tev\u00e9kenys\u00e9gnek min\u0151s\u00fcl valamennyi \u201eProm\u00f3ci\u00f3\u201d jelz\u00e9s\u0171 term\u00e9kmegjelen\u00edt\u00e9s, a banner, valamint mindaz a p\u00e9nz\u00fcgyi vagy befektet\u00e9si term\u00e9k, ahol nem lehet \u201e\u00c9rdekel\u201d gombra kattintani \u00e9s a szem\u00e9lyes adatok megad\u00e1s\u00e1val visszah\u00edv\u00e1st k\u00e9rni az adott term\u00e9k kapcs\u00e1n, mivel ezen hirdet\u00e9sek a hirdet\u0151 oldal\u00e1ra ir\u00e1ny\u00edthatj\u00e1k \u00e1t a felhaszn\u00e1l\u00f3t.<\/p><p>T\u00e1j\u00e9koztatjuk, hogy a www.hitelcel.hu honlapon k\u00edn\u00e1lt, illet\u0151leg a szolg\u00e1ltat\u00e1sok ig\u00e9nybev\u00e9tel\u00e9hez egyes szem\u00e9lyes adatok megad\u00e1sa, kezel\u00e9se \u00e9s harmadik felek r\u00e9sz\u00e9re val\u00f3 \u00e1tad\u00e1sa sz\u00fcks\u00e9ges, illetve szem\u00e9lyes adatok megad\u00e1sa \u00e9s kezel\u00e9se sz\u00fcks\u00e9ges.<\/p><p><strong>Az Adatkezel\u0151k k\u00f6z\u00f6s, adatkezel\u00e9sre, kapcsolattart\u00e1sra kijel\u00f6lt elektronikus levelez\u00e9si c\u00edme:<\/strong><\/p><p>reklamhimzes@gmail.com<\/p><p><strong>Az adatkezel\u00e9s jogalapja:<\/strong><\/p><p>Az egyes T\u00e1rsas\u00e1gok tev\u00e9kenys\u00e9ge kapcs\u00e1n a vonatkoz\u00f3 jogszab\u00e1lyok alapj\u00e1n k\u00f6telez\u0151 adatkezel\u00e9si, adatmeg\u0151rz\u00e9si. adattov\u00e1bb\u00edt\u00e1si k\u00f6telezetts\u00e9g teljes\u00edt\u00e9se, illet\u0151leg az \u00e9rintett hozz\u00e1j\u00e1rul\u00e1sa.<\/p><p>A\u00a0www.hitelcel.hu\u00a0honlap haszn\u00e1lata sor\u00e1n keletkezett \u00e9s az \u00fan. cookie-k \u00e1ltal t\u00e1rolt adatok alapj\u00e1n v\u00e9geztt profilalkot\u00e1si tev\u00e9kenys\u00e9g vonatkoz\u00e1s\u00e1ban az \u00e9rintett hozz\u00e1j\u00e1rul\u00e1sa.<\/p><p>Valamennyi felsorolt esetben az adatkezel\u00e9s jogalapja az adott T\u00e1rsas\u00e1g jogos \u00e9rdeke is, tov\u00e1bb\u00e1 jogos \u00e9rdeken alapulhat az adatkezel\u00e9s fenn\u00e1ll\u00f3 tartoz\u00e1s, rendezetlen k\u00f6vetel\u00e9s vagy jogvita lez\u00e1r\u00e1sa, jogi, ad\u00f3jogi, k\u00f6nyvvizsg\u00e1lati \u00e9s sz\u00e1mviteli k\u00f6telezetts\u00e9g teljes\u00edt\u00e9se, csal\u00e1sok megel\u0151z\u00e9se, illetve a felhaszn\u00e1l\u00f3k, \u00fcgyfelek adatbiztons\u00e1g\u00e1nak fenntart\u00e1sa \u00e9rdek\u00e9ben.<\/p><p><strong>A kezelt adatok k\u00f6re (az al\u00e1bbi felsorol\u00e1sb\u00f3l egy, vagy t\u00f6bb):<\/strong><\/p><ul><li>N\u00e9v<\/li><li>Sz\u00fclet\u00e9si hely<\/li><li>Sz\u00fclet\u00e9si n\u00e9v<\/li><li>Sz\u00fclet\u00e9si d\u00e1tum<\/li><li>E-mail<\/li><li>Telefonsz\u00e1m<\/li><li>Telep\u00fcl\u00e9s<\/li><li>Ir\u00e1ny\u00edt\u00f3sz\u00e1m<\/li><li>Gyermekek sz\u00e1ma<\/li><li>V\u00e1llalat neve<\/li><li>C\u00e9gjegyz\u00e9ksz\u00e1m<\/li><li>Ad\u00f3sz\u00e1m<\/li><li>\u00c9rdekl\u0151d\u00e9ssel \u00e9rintett term\u00e9kre vagy szolg\u00e1ltat\u00e1sra vonatkoz\u00f3- vagy azzal kapcsolatban a honlapon el\u00e9rhet\u0151 valamely kalkul\u00e1ci\u00f3 sor\u00e1n az \u00e9rintett \u00e1ltal megadott adatok (k\u00fcl\u00f6n\u00f6sen, de nem kiz\u00e1r\u00f3lag: j\u00f6vedelem, ingatlan elhelyezked\u00e9se, ingatlanfedezet \u00e9rt\u00e9ke, banksz\u00e1mla-haszn\u00e1lati adatok, lakhat\u00e1si inform\u00e1ci\u00f3k, megl\u00e9v\u0151 gyermekek sz\u00fclet\u00e9si ideje \/ tervezett gyermekek sz\u00e1ma, havi szem\u00e9lyes k\u00f6lts\u00e9gvet\u00e9si \/ megtakar\u00edt\u00e1si adatok, megl\u00e9v\u0151 megtakar\u00edt\u00e1si term\u00e9kek \/ tervezett befektet\u00e9sek adatai)<\/li><\/ul><p><strong>Felh\u00edvjuk figyelm\u00e9t, hogy az \u00d6n \u00e1ltal megadott adatok helyess\u00e9g\u00e9\u00e9rt \u00e9s teljes k\u00f6r\u0171s\u00e9g\u00e9\u00e9rt \u00d6n felel\u0151s<\/strong>, ide\u00e9rtve azt is, hogy b\u00e1rmely adatkezel\u00e9ssel j\u00e1r\u00f3 szolg\u00e1ltat\u00e1st a saj\u00e1t nev\u00e9ben vesz ig\u00e9nybe, \u00e9s mag\u00e1nszem\u00e9ly eset\u00e9n az \u00e9letkora 18 \u00e9vet meghaladja, vagy rendelkezik t\u00f6rv\u00e9nyes k\u00e9pvisel\u0151 hozz\u00e1j\u00e1rul\u00e1s\u00e1val.<\/p><p>T\u00e1j\u00e9koztatjuk, hogy a www.hitelcel.hu weboldal m\u0171k\u00f6d\u00e9s\u00e9vel kapcsolatban a www.hitelcel.hu weboldal \u00fan. cookie-k \u00e1ltal egyedi azonos\u00edt\u00e1s\u00e1ra alkalmatlan, nem szem\u00e9lyhez kapcsol\u00f3d\u00f3 statisztikai adatokat is gy\u0171jt remarketing \u00e9s a weboldal fejleszt\u00e9se c\u00e9lj\u00e1b\u00f3l. A www.hitelcel.hu honlap cookie szab\u00e1lyzata, az ilyen m\u00f3don gy\u0171jt\u00f6tt \u00e9s kezelt adatok k\u00f6re, az ilyen adatokra vonatkoz\u00f3 adattov\u00e1bb\u00edt\u00e1s c\u00edmzettjei az al\u00e1bbi t\u00e1j\u00e9koztat\u00f3n tekinthet\u0151 meg.<\/p><p><strong>COOKIE SZAB\u00c1LYZAT<\/strong><\/p><p>T\u00e1j\u00e9koztatjuk, hogy amennyiben ezen nem szem\u00e9lyhez kapcsol\u00f3d\u00f3 adatok felv\u00e9tel\u00e9t k\u00f6vet\u0151en az \u00d6n szem\u00e9lyes adatai szolg\u00e1ltat\u00e1s ig\u00e9nybev\u00e9tele, h\u00edrlev\u00e9l feliratkoz\u00e1s vagy felhaszn\u00e1l\u00f3i fi\u00f3k regisztr\u00e1ci\u00f3 alapj\u00e1n r\u00f6gz\u00edt\u00e9sre ker\u00fclnek, a nem szem\u00e9lyhez kapcsol\u00f3d\u00f3 adatok hozz\u00e1rendel\u0151dnek az \u00d6n \u00e1ltal megadott szem\u00e9lyes adatokhoz.<\/p><p><strong>Az adatkezel\u00e9s id\u0151tartama:<\/strong><\/p><p>A k\u00f6telez\u0151 adatkezel\u00e9s eseteit kiv\u00e9ve az adatkezel\u00e9shez adott hozz\u00e1j\u00e1rul\u00e1s visszavon\u00e1s\u00e1ig.<\/p><p>T\u00e1j\u00e9koztatjuk, hogy banktitoknak, biztos\u00edt\u00e1si titoknak vagy \u00e9rt\u00e9kpap\u00edrtitoknak min\u0151s\u00fcl\u0151 adatok eset\u00e9ben az adatkezel\u00e9si- \u00e9s adatmeg\u0151rz\u00e9si k\u00f6telezetts\u00e9g a vonatkoz\u00f3 jogszab\u00e1lyok alapj\u00e1n korl\u00e1tlan ideig terheli az adatkezel\u0151t.<\/p><p><strong>Az adatkezel\u00e9s c\u00e9lja:<\/strong><\/p><ul><li>szem\u00e9lyes adatok, valamint az adott, \u00d6n \u00e1ltal ig\u00e9nyelt p\u00e9nz\u00fcgyi-, biztos\u00edt\u00e1si- vagy befektet\u00e9si szolg\u00e1ltat\u00e1sra vonatkoz\u00f3 dokumentumok tov\u00e1bb\u00edt\u00e1sa a honlapon megjelen\u0151 p\u00e9nz\u00fcgyi int\u00e9zm\u00e9nyek, befektet\u00e9si v\u00e1llalkoz\u00e1sok, p\u00e9nzpiaci k\u00f6zvet\u00edt\u0151k, biztos\u00edt\u00f3k r\u00e9sz\u00e9re az \u00d6nnel val\u00f3 szem\u00e9lyes kapcsolatfelv\u00e9tel c\u00e9lj\u00e1b\u00f3l az \u00e9rdekl\u0151d\u00e9ssel \u00e9rintett p\u00e9nz\u00fcgyi-, biztos\u00edt\u00e1si- vagy befektet\u00e9si szolg\u00e1ltat\u00e1sra vonatkoz\u00f3an,<\/li><li>egyes p\u00e9nz\u00fcgyi-, biztos\u00edt\u00e1si- vagy befektet\u00e9si szolg\u00e1ltat\u00e1st ig\u00e9nybe vev\u0151 felhaszn\u00e1l\u00f3k val\u00f3s vagy nem val\u00f3s idej\u0171 \u00e1tvil\u00e1g\u00edt\u00e1sa (\u00fcgyf\u00e9lazonos\u00edt\u00e1s) sor\u00e1n keletkezett adatoknak az adott szolg\u00e1ltat\u00e1st ny\u00fajt\u00f3 megb\u00edz\u00f3 harmadik f\u00e9l (p\u00e9nz\u00fcgyi int\u00e9zm\u00e9ny, biztos\u00edt\u00f3, befektet\u00e9si szolg\u00e1ltat\u00f3) r\u00e9sz\u00e9re t\u00f6rt\u00e9n\u0151 tov\u00e1bb\u00edt\u00e1sa a Pmt. \u00e9s a kapcsol\u00f3d\u00f3 jogszab\u00e1lyok, valamint a T\u00e1rsas\u00e1gok \u00e9s a harmadik felek k\u00f6z\u00f6tti szerz\u0151d\u00e9sek szerint,<\/li><li>egyes p\u00e9nz\u00fcgyi-, biztos\u00edt\u00e1si- vagy befektet\u00e9si szolg\u00e1ltat\u00e1st ig\u00e9nybe vev\u0151 felhaszn\u00e1l\u00f3k \u00e9s az ig\u00e9nyelt szolg\u00e1ltat\u00e1st ny\u00fajt\u00f3 harmadik f\u00e9l (p\u00e9nz\u00fcgyi int\u00e9zm\u00e9ny, biztos\u00edt\u00f3, befektet\u00e9si szolg\u00e1ltat\u00f3) k\u00f6z\u00f6tti elektronikus \u00faton t\u00f6rt\u00e9n\u0151 szerz\u0151d\u00e9sk\u00f6t\u00e9sben t\u00f6rt\u00e9n\u0151 k\u00f6zrem\u0171k\u00f6d\u00e9s sor\u00e1n az adatok kezel\u00e9se \u00e9s tov\u00e1bb\u00edt\u00e1sa a Hpt, Bszt. \u00e9s Bit. \u00e9s egy\u00e9b jogszab\u00e1lyok, valamint a harmadik f\u00e9l \u00e9s az egyes t\u00e1rsas\u00e1gok k\u00f6z\u00f6tt fenn\u00e1ll\u00f3 megb\u00edz\u00e1si szerz\u0151d\u00e9sek rendelkez\u00e9sei szerint,<\/li><li>a P\u00e9nz\u00fcgyeim fel\u00fcleten kereszt\u00fcl az \u00d6n regisztr\u00e1ci\u00f3ja \u00e9s hozz\u00e1j\u00e1rul\u00e1sa eset\u00e9ben az \u00d6n \u00e1ltal ig\u00e9nyelt p\u00e9nz\u00fcgyi-, biztos\u00edt\u00e1si- vagy befektet\u00e9si szolg\u00e1ltat\u00e1sra vonatkoz\u00f3 dokumentumok t\u00e1rol\u00e1sa, illet\u0151leg az adott szolg\u00e1ltat\u00e1st ny\u00fajt\u00f3 harmadik f\u00e9l \u00e9s az \u00d6n k\u00f6z\u00f6tti jogviszonyra vonatkoz\u00f3 elektronikus okiratok k\u00e9zbes\u00edt\u00e9se, t\u00e1rol\u00e1sa, valamint a P\u00e9nz\u00fcgyeim fel\u00fcleten kereszt\u00fcl biztos\u00edtott szolg\u00e1ltat\u00e1sok ny\u00fajt\u00e1sa,<\/li><li>k\u00f6zvetlen \u00fczletszerz\u00e9s (k\u00f6zvetlen megkeres\u00e9s m\u00f3dszer\u00e9vel v\u00e9gzett t\u00e1j\u00e9koztat\u00f3 tev\u00e9kenys\u00e9gek \u00e9s kieg\u00e9sz\u00edt\u0151 szolg\u00e1ltat\u00e1sok, melyek c\u00e9lja term\u00e9kek vagy szolg\u00e1ltat\u00e1sok \u00e9rt\u00e9kes\u00edt\u00e9s\u00e9vel, ny\u00fajt\u00e1s\u00e1val k\u00f6zvetlen\u00fcl kapcsolatos rekl\u00e1m vagy c\u00edmzett rekl\u00e1mk\u00fcldem\u00e9ny tov\u00e1bb\u00edt\u00e1sa az \u00d6n r\u00e9sz\u00e9re),<\/li><\/ul><p>T\u00e1j\u00e9koztatjuk, hogy p\u00e9nzpiaci, biztos\u00edt\u00e1si, befektet\u00e9si szolg\u00e1ltat\u00e1sra vonatkoz\u00f3 \u00e9rdekl\u0151d\u00e9s alkalm\u00e1val \u00edr\u00e1sban vagy elektronikus \u00faton megadott szem\u00e9lyes adatait az adott tev\u00e9kenys\u00e9get v\u00e9gz\u0151 T\u00e1rsas\u00e1g, valamint az \u00e9rdekl\u0151d\u00e9s\u00e9vel \u00e9rintett p\u00e9nz\u00fcgyi-, biztos\u00edt\u00e1si- vagy befektet\u00e9si szolg\u00e1ltat\u00e1s szolg\u00e1ltat\u00f3ja, illetve az ilyen szolg\u00e1ltat\u00f3 megb\u00edzott \u00fczletk\u00f6t\u0151in vagy \u00fcgyn\u00f6kein t\u00falmen\u0151en az adatok felv\u00e9tel\u00e9vel, kezel\u00e9s\u00e9vel megb\u00edzott adatfeldolgoz\u00f3k ismerhetik meg.<\/p><p>Felh\u00edvjuk figyelm\u00e9t, hogy a www.hitelcel.hu honlapon el\u00e9rhet\u0151 egyes szolg\u00e1ltat\u00e1sok ig\u00e9nybev\u00e9tel\u00e9hez elv\u00e9gzend\u0151 regisztr\u00e1ci\u00f3, h\u00edrlev\u00e9l feliratkoz\u00e1s sor\u00e1n a megadott szem\u00e9lyes adatainak kezel\u00e9s\u00e9re, tov\u00e1bb\u00edt\u00e1s\u00e1ra \u00e9s \u00e1tad\u00e1s\u00e1ra vonatkoz\u00f3 kifejezett hozz\u00e1j\u00e1rul\u00e1s megad\u00e1s\u00e1ra k\u00f6teles. A regisztr\u00e1ci\u00f3, h\u00edrlev\u00e9l feliratkoz\u00e1s sor\u00e1n megadott szem\u00e9lyes adatainak a kezel\u00e9s\u00e9re, tov\u00e1bb\u00edt\u00e1s\u00e1ra vonatkoz\u00f3 hozz\u00e1j\u00e1rul\u00e1s\u00e1t \u00d6n b\u00e1rmikor, korl\u00e1toz\u00e1s \u00e9s indokol\u00e1s n\u00e9lk\u00fcl \u00edr\u00e1sban visszavonhatja az al\u00e1bbi el\u00e9rhet\u0151s\u00e9gek b\u00e1rmelyik\u00e9n:<\/p><p>Email: reklamhimzes@gmail.com<\/p><p>Postac\u00edm: S\u00fcleyman Kft., 1165 Budapest, \u00dajsz\u00e1sz utca 45\/B.<\/p><p>Amennyiben az alkalmazand\u00f3 jogszab\u00e1lyok nem korl\u00e1tozz\u00e1k, a GDPR alapj\u00e1n a mag\u00e1nszem\u00e9lyek sz\u00e1m\u00e1ra az al\u00e1bbi jogok biztos\u00edtottak:<\/p><p>Hozz\u00e1f\u00e9r\u00e9si jog \u2013 joga van t\u00e1j\u00e9koztat\u00e1st kapni a kezelt szem\u00e9lyes adatair\u00f3l, tov\u00e1bb\u00e1 joga van az ezen adatokhoz val\u00f3 hozz\u00e1f\u00e9r\u00e9shez;<\/p><p>Helyesb\u00edt\u00e9shez val\u00f3 jog \u2013 joga van k\u00e9rni szem\u00e9lyes adatainak m\u00f3dos\u00edt\u00e1s\u00e1t vagy friss\u00edt\u00e9s\u00e9t, amennyiben az adatok pontatlanok vagy hi\u00e1nyosak;<\/p><p>T\u00f6rl\u00e9shez val\u00f3 jog \u2013 joga van k\u00e9rni szem\u00e9lyes adatainak t\u00f6rl\u00e9s\u00e9t, amennyiben az nem banktitok, biztos\u00edt\u00e1si titok vagy \u00e9rt\u00e9kpap\u00edrtitok;<\/p><p>Korl\u00e1toz\u00e1shoz val\u00f3 jog \u2013 joga van k\u00e9rni, hogy ideiglenesen vagy v\u00e9glegesen az adatkezel\u00e9s felf\u00fcggeszt\u00e9sre ker\u00fclj\u00f6n a szem\u00e9lyes adatai \u00f6sszess\u00e9g\u00e9nek vagy egy r\u00e9sz\u00e9nek kapcs\u00e1n, amennyiben az nem banktitok, biztos\u00edt\u00e1si titok vagy \u00e9rt\u00e9kpap\u00edrtitok;<\/p><p>Kifog\u00e1sol\u00e1si jog \u2013 joga van ahhoz, hogy b\u00e1rmikor kifog\u00e1st emeljen a szem\u00e9lyes adata kezel\u00e9se ellen, kiv\u00e9ve ha az banktitok, biztos\u00edt\u00e1si titok vagy \u00e9rt\u00e9kpap\u00edrtitok; tov\u00e1bb\u00e1 joga van ahhoz, hogy kifog\u00e1st emeljen szem\u00e9lyes adatai k\u00f6zvetlen \u00e9rt\u00e9kes\u00edt\u00e9si c\u00e9lokb\u00f3l t\u00f6rt\u00e9n\u0151 kezel\u00e9se ellen;<\/p><p>Az adatok hordozhat\u00f3s\u00e1g\u00e1hoz val\u00f3 jog \u2013 joga van ahhoz, hogy szem\u00e9lyes adatair\u00f3l elektronikus form\u00e1tum\u00fa m\u00e1solatot k\u00e9rjen, valamint ahhoz, hogy a szem\u00e9lyes adatait egy harmadik f\u00e9l szolg\u00e1ltat\u00e1s\u00e1ban val\u00f3 haszn\u00e1lat c\u00e9lj\u00e1b\u00f3l tov\u00e1bb\u00edtsa;<\/p><p>Automatiz\u00e1lt d\u00f6nt\u00e9shozatal alapj\u00e1n meghozott d\u00f6nt\u00e9s al\u00f3li mentes\u00fcl\u00e9shez val\u00f3 jog \u2013 joga van ahhoz, hogy mentes\u00fclj\u00f6n egy kiz\u00e1r\u00f3lag egy automatiz\u00e1lt d\u00f6nt\u00e9shozatal alapj\u00e1n meghozott d\u00f6nt\u00e9s al\u00f3l, ide\u00e9rtve az olyan profilk\u00e9sz\u00edt\u00e9st is, amelynek sor\u00e1n a meghozott d\u00f6nt\u00e9s joghat\u00e1ssal lenne \u00d6nre, illetve jelent\u0151s hat\u00e1ssal j\u00e1rna.<\/p><p>T\u00e1j\u00e9koztatjuk, hogy az \u00d6n fenti jogosults\u00e1gok gyakorl\u00e1s\u00e1ra vonatkoz\u00f3 k\u00e9relm\u00e9t az adatkezel\u0151 a k\u00e9relem beny\u00fajt\u00e1s\u00e1t\u00f3l sz\u00e1m\u00edtott legr\u00f6videbb id\u0151n bel\u00fcl, de legfeljebb 15 napon bel\u00fcl megvizsg\u00e1lja, annak megalapozotts\u00e1ga k\u00e9rd\u00e9s\u00e9ben d\u00f6nt\u00e9st hoz, illet\u0151leg v\u00e1laszt ad, \u00e9s d\u00f6nt\u00e9s\u00e9r\u0151l, illet\u0151leg v\u00e1lasz\u00e1r\u00f3l \u00d6nt \u00edr\u00e1sban t\u00e1j\u00e9koztatja. T\u00f6rl\u00e9s, korl\u00e1toz\u00e1s vagy kifog\u00e1sol\u00e1s eset\u00e9n, amennyiben az Adatkezel\u0151 a k\u00e9relem megalapozotts\u00e1g\u00e1t meg\u00e1llap\u00edtja, az adatkezel\u00e9st \u2013 bele\u00e9rtve a tov\u00e1bbi adatfelv\u00e9telt \u00e9s adattov\u00e1bb\u00edt\u00e1st is \u2013 megsz\u00fcnteti, \u00e9s az \u00d6n adatait z\u00e1rolja, \u00e9s err\u0151l, valamint a k\u00e9relem alapj\u00e1n tett int\u00e9zked\u00e9sekr\u0151l \u00e9rtes\u00edti mindazokat, akik r\u00e9sz\u00e9re az \u00e9rintett szem\u00e9lyes adatot kor\u00e1bban tov\u00e1bb\u00edtotta, \u00e9s akik k\u00f6telesek int\u00e9zkedni a k\u00e9relemben foglalt jog \u00e9rv\u00e9nyes\u00edt\u00e9se \u00e9rdek\u00e9ben. Ha \u00d6n az Adatkezel\u0151 d\u00f6nt\u00e9s\u00e9vel nem \u00e9rt egyet, illetve ha az adatkezel\u0151 a fenti hat\u00e1rid\u0151t elmulasztja, a d\u00f6nt\u00e9s k\u00f6zl\u00e9s\u00e9t\u0151l, illetve a hat\u00e1rid\u0151 utols\u00f3 napj\u00e1t\u00f3l sz\u00e1m\u00edtott 30 napon bel\u00fcl b\u00edr\u00f3s\u00e1ghoz fordulhat. A per az adatkezel\u0151 ellen az \u00d6n v\u00e1laszt\u00e1sa szerint a lak\u00f3helye alapj\u00e1n illet\u00e9kes t\u00f6rv\u00e9nysz\u00e9k, vagy a F\u0151v\u00e1rosi T\u00f6rv\u00e9nysz\u00e9k el\u0151tt ind\u00edthat\u00f3 meg.<\/p><p>Ha az adatv\u00e9delemmel, az \u00d6n jogaival, illetve azok gyakorl\u00e1s\u00e1nak m\u00f3dj\u00e1val kapcsolatban k\u00e9rd\u00e9sei vannak, az al\u00e1bbi el\u00e9rhet\u0151s\u00e9gen az adatkezel\u0151k \u00e1llnak rendelkez\u00e9s\u00e9re:<\/p><p>Email: reklamhimzes@gmail.com<\/p><p>Postac\u00edm:\u00a0<span style=\"color: var( --e-global-color-text ); font-family: var( --e-global-typography-text-font-family ), Sans-serif; font-weight: var( --e-global-typography-text-font-weight );\">S\u00fcleyman Kft., 1165 Budapest, \u00dajsz\u00e1sz utca 45\/B.<\/span><\/p><p>Az Adatkezel\u0151k szem\u00e9lyes adatot az Eur\u00f3pai Uni\u00f3 ter\u00fclet\u00e9n k\u00edv\u00fclre nem tov\u00e1bb\u00edtanak. Az Adatkezel\u0151k szem\u00e9lyhez nem k\u00f6thet\u0151 adatot az EU ter\u00fclet\u00e9n k\u00edv\u00fclre tov\u00e1bb\u00edtanak olyan orsz\u00e1gba, illet\u0151leg olyan szolg\u00e1ltat\u00f3 r\u00e9sz\u00e9re, amely megfelel a GDPR k\u00f6vetelm\u00e9nyeinek. Az egyes Adatkezel\u0151k a szerz\u0151d\u00f6tt partnereikkel k\u00f6t\u00f6tt meg\u00e1llapod\u00e1sokban, tov\u00e1bb\u00e1 megb\u00edzottaik, k\u00f6zrem\u0171k\u00f6d\u0151ik \u00e9s munkav\u00e1llal\u00f3ik fel\u00e9 biztos\u00edtj\u00e1k a jelen szab\u00e1lyzatban \u00e9s a kapcsol\u00f3d\u00f3 bels\u0151 szab\u00e1lyzatokban foglalt k\u00f6vetelm\u00e9nyek betart\u00e1s\u00e1t.<\/p><p>Az Adatkezel\u0151k az \u00d6n szem\u00e9lyes adatai v\u00e9delme \u00e9rdek\u00e9ben megfelel\u0151 m\u00e9rt\u00e9k\u0171 m\u0171szaki \u00e9s szervezeti int\u00e9zked\u00e9seket tesznek, azonban k\u00e9rj\u00fck, vegye figyelembe, hogy egyetlen informatikai rendszer sem ny\u00fajthat teljes k\u00f6r\u0171 v\u00e9delmet. Folyamatos az informatikai fejleszt\u00e9s az \u00e1ln\u00e9ven t\u00f6rt\u00e9n\u0151 nyilv\u00e1ntart\u00e1s, titkos\u00edt\u00e1s, hozz\u00e1f\u00e9r\u00e9s, jogosults\u00e1gi szintek \u00e9s archiv\u00e1l\u00e1s kapcs\u00e1n annak \u00e9rdek\u00e9ben, hogy megakad\u00e1lyozzuk a rendszer\u00fcnkben l\u00e9v\u0151 szem\u00e9lyes adatokhoz val\u00f3 illet\u00e9ktelen hozz\u00e1f\u00e9r\u00e9st, tov\u00e1bb\u00e1 a szem\u00e9lyes adatok jogalap n\u00e9lk\u00fcli t\u00e1rol\u00e1s\u00e1t.<\/p><p>T\u00e1j\u00e9koztatjuk, hogy az adatkezel\u0151k adatkezel\u00e9ssel \u00f6sszef\u00fcgg\u0151 tev\u00e9kenys\u00e9g\u00e9nek ellen\u0151rz\u00e9s\u00e9re jogosult hat\u00f3s\u00e1g:<\/p><p>Nemzeti Adatv\u00e9delmi \u00e9s Inform\u00e1ci\u00f3szabads\u00e1g Hat\u00f3s\u00e1g<br \/>C\u00edm: 1125 Budapest, Szil\u00e1gyi Erzs\u00e9bet fasor 22\/c.<br \/>Postac\u00edm: 1530 Budapest, Pf. 5.<br \/>Email c\u00edm: ugyfelszolgalat@naih.hu<\/p><p>A jelen Adatv\u00e9delmi Szab\u00e1lyzat b\u00e1rmikor egyoldal\u00faan m\u00f3dos\u00edthat\u00f3 az Adatkezel\u0151k \u00e1ltal. A kor\u00e1bban \u00e9rv\u00e9nyes Adatv\u00e9delmi szab\u00e1lyzatok a www.reklamhimzes.hu\u00a0weblapon tov\u00e1bbra is el\u00e9rhet\u0151ek maradnak.<\/p><\/div><\/div><\/section>\t\t\t\t\t\t<\/div>\n\t\t\t\t<\/div>\n\t\t\t\t\t<\/div>\n\t\t<\/div>\n\t\t\t\t\t\t\t<\/div>\n\t\t<\/section>\n\t\t\t\t\t\t\t<\/div>\n\t\t","protected":false},"excerpt":{"rendered":"<p>\u00dcdv\u00f6z\u00f6lj\u00fck! A jelen t\u00e1j\u00e9koztat\u00e1s c\u00e9lja, hogy a www.reklamhimzes.hu weboldalon el\u00e9rhet\u0151 szolg\u00e1ltat\u00e1sokhoz kapcsol\u00f3d\u00f3 k\u00f6zvet\u00edt\u0151i-, adatv\u00e9delmi \u00e9s adatkezel\u00e9si tev\u00e9kenys\u00e9gekre vonatkoz\u00f3 inform\u00e1ci\u00f3t ny\u00fajtson \u00d6nnek annak \u00e9rdek\u00e9ben, hogy szolg\u00e1ltat\u00e1saink ig\u00e9nybev\u00e9tel\u00e9r\u0151l \u00e9s a sz\u00fcks\u00e9ges hozz\u00e1j\u00e1rul\u00e1sok megad\u00e1s\u00e1r\u00f3l megfelel\u0151 el\u0151zetes t\u00e1j\u00e9koztat\u00e1s birtok\u00e1ban hozzon d\u00f6nt\u00e9st. A t\u00e1j\u00e9koztat\u00e1s \u00e9s az adatkezel\u00e9si, k\u00f6zvet\u00edt\u0151i tev\u00e9kenys\u00e9gek alapj\u00e1ul szolg\u00e1l\u00f3 jogszab\u00e1lyok: az Eur\u00f3pai Parlament \u00e9s a Tan\u00e1cs 2016\/679 Rendelet\u00e9ben &#8230; <a title=\"Adatv\u00e9delmi szab\u00e1lyzat\" class=\"read-more\" href=\"https:\/\/reklamhimzes.hu\/?page_id=437\" aria-label=\"Tov\u00e1bbiak Adatv\u00e9delmi szab\u00e1lyzat\">Olvass tov\u00e1bb<\/a><\/p>\n","protected":false},"author":1,"featured_media":0,"parent":0,"menu_order":0,"comment_status":"closed","ping_status":"closed","template":"","meta":[],"_links":{"self":[{"href":"https:\/\/reklamhimzes.hu\/index.php?rest_route=\/wp\/v2\/pages\/437"}],"collection":[{"href":"https:\/\/reklamhimzes.hu\/index.php?rest_route=\/wp\/v2\/pages"}],"about":[{"href":"https:\/\/reklamhimzes.hu\/index.php?rest_route=\/wp\/v2\/types\/page"}],"author":[{"embeddable":true,"href":"https:\/\/reklamhimzes.hu\/index.php?rest_route=\/wp\/v2\/users\/1"}],"replies":[{"embeddable":true,"href":"https:\/\/reklamhimzes.hu\/index.php?rest_route=%2Fwp%2Fv2%2Fcomments&post=437"}],"version-history":[{"count":13,"href":"https:\/\/reklamhimzes.hu\/index.php?rest_route=\/wp\/v2\/pages\/437\/revisions"}],"predecessor-version":[{"id":478,"href":"https:\/\/reklamhimzes.hu\/index.php?rest_route=\/wp\/v2\/pages\/437\/revisions\/478"}],"wp:attachment":[{"href":"https:\/\/reklamhimzes.hu\/index.php?rest_route=%2Fwp%2Fv2%2Fmedia&parent=437"}],"curies":[{"name":"wp","href":"https:\/\/api.w.org\/{rel}","templated":true}]}}