{"id":460,"date":"2021-11-28T14:04:34","date_gmt":"2021-11-28T14:04:34","guid":{"rendered":"https:\/\/reklamhimzes.hu\/?page_id=460"},"modified":"2024-07-10T08:51:22","modified_gmt":"2024-07-10T08:51:22","slug":"szechenyi-terv","status":"publish","type":"page","link":"https:\/\/reklamhimzes.hu\/?page_id=460","title":{"rendered":"Sz\u00e9chenyi 2020"},"content":{"rendered":"\t\t<div data-elementor-type=\"wp-page\" data-elementor-id=\"460\" class=\"elementor elementor-460\">\n\t\t\t\t\t\t\t\t\t<section class=\"elementor-section elementor-top-section elementor-element elementor-element-23a2df9 elementor-section-boxed elementor-section-height-default elementor-section-height-default\" data-id=\"23a2df9\" data-element_type=\"section\">\n\t\t\t\t\t\t<div class=\"elementor-container elementor-column-gap-default\">\n\t\t\t\t\t<div class=\"elementor-column elementor-col-100 elementor-top-column elementor-element elementor-element-94634bd\" data-id=\"94634bd\" data-element_type=\"column\">\n\t\t\t<div class=\"elementor-widget-wrap elementor-element-populated\">\n\t\t\t\t\t\t\t\t<div class=\"elementor-element elementor-element-a2baeae elementor-widget elementor-widget-text-editor\" data-id=\"a2baeae\" data-element_type=\"widget\" data-widget_type=\"text-editor.default\">\n\t\t\t\t<div class=\"elementor-widget-container\">\n\t\t\t\t\t\t\t<table style=\"font-weight: 400;\" width=\"497\"><tbody><tr><td width=\"197\"><p>P\u00e1ly\u00e1z\u00f3 neve:<\/p><\/td><td width=\"300\"><p>S\u00dcLEYMAN Korl\u00e1tolt Felel\u0151ss\u00e9g\u0171 T\u00e1rsas\u00e1g<\/p><\/td><\/tr><tr><td width=\"197\"><p>Projekt c\u00edme:<\/p><\/td><td width=\"300\"><p>Technol\u00f3giai fejleszt\u00e9s a S\u00dcLEYMAN Kft-n\u00e9l<\/p><\/td><\/tr><tr><td width=\"197\"><p>P\u00e1ly\u00e1zati ki\u00edr\u00e1s megnevez\u00e9se:<\/p><\/td><td width=\"300\"><p>VEKOP-1.2.7-20 &#8211; Divat \u00e9s Diz\u00e1jnipari mikro-, kis- \u00e9s k\u00f6z\u00e9pv\u00e1llalkoz\u00e1sok modern \u00fczleti \u00e9s termel\u00e9si kih\u00edv\u00e1sokhoz val\u00f3 alkalmazkod\u00e1s\u00e1t seg\u00edt\u0151 fejleszt\u00e9sek t\u00e1mogat\u00e1sa<\/p><\/td><\/tr><tr><td width=\"197\"><p>Projekt azonos\u00edt\u00f3 sz\u00e1ma:<\/p><\/td><td width=\"300\"><p>VEKOP-1.2.7-20-2021-00053<\/p><\/td><\/tr><tr><td width=\"197\"><p>Projekt helysz\u00edne:<\/p><\/td><td width=\"300\"><p>1165 Budapest, \u00dajsz\u00e1sz utca 45\/B. hrsz.: 103772\/18.<\/p><\/td><\/tr><tr><td width=\"197\"><p>T\u00e1mogat\u00e1s \u00f6sszege:<\/p><\/td><td width=\"300\"><p>11\u00a0844\u00a0000\u00a0Ft<\/p><\/td><\/tr><tr><td width=\"197\"><p>T\u00e1mogat\u00e1s ar\u00e1nya:<\/p><\/td><td width=\"300\"><p>70 %<\/p><\/td><\/tr><tr><td width=\"197\"><p>Projekt \u00f6sszk\u00f6lts\u00e9g:<\/p><\/td><td width=\"300\"><p>16\u00a0920\u00a0000\u00a0Ft<\/p><\/td><\/tr><tr><td width=\"197\"><p>Forr\u00e1s:<\/p><\/td><td width=\"300\"><p>ERFA<\/p><\/td><\/tr><tr><td width=\"197\"><p>A projekt fizikai befejez\u00e9se:<\/p><\/td><td width=\"300\"><p>2021.11.27.<\/p><\/td><\/tr><\/tbody><\/table>\t\t\t\t\t\t<\/div>\n\t\t\t\t<\/div>\n\t\t\t\t\t<\/div>\n\t\t<\/div>\n\t\t\t\t\t\t\t<\/div>\n\t\t<\/section>\n\t\t\t\t<section class=\"elementor-section elementor-top-section elementor-element elementor-element-e3a3e10 elementor-section-boxed elementor-section-height-default elementor-section-height-default\" data-id=\"e3a3e10\" data-element_type=\"section\">\n\t\t\t\t\t\t<div class=\"elementor-container elementor-column-gap-default\">\n\t\t\t\t\t<div class=\"elementor-column elementor-col-100 elementor-top-column elementor-element elementor-element-b2f0699\" data-id=\"b2f0699\" data-element_type=\"column\">\n\t\t\t<div class=\"elementor-widget-wrap elementor-element-populated\">\n\t\t\t\t\t\t\t\t<div class=\"elementor-element elementor-element-aec0ee3 elementor-widget elementor-widget-text-editor\" data-id=\"aec0ee3\" data-element_type=\"widget\" data-widget_type=\"text-editor.default\">\n\t\t\t\t<div class=\"elementor-widget-container\">\n\t\t\t\t\t\t\t<p>A projekt keret\u00e9ben egy ZSK RACER 6S h\u00edmz\u0151g\u00e9p ker\u00fclt beszerz\u00e9sre. Az \u00faj h\u00edmz\u0151g\u00e9p beszerz\u00e9s\u00e9vel olyan technol\u00f3giai korszer\u0171s\u00edt\u00e9st \u00e9s kapacit\u00e1sb\u0151v\u00edt\u00e9st tudtunk el\u00e9rni, mely jelent\u0151s el\u0151rel\u00e9p\u00e9st jelent a c\u00e9gnek, \u00e9s seg\u00edt saj\u00e1t m\u00e1rk\u00e1nk fejl\u0151d\u00e9s\u00e9ben \u00e9s ezzel kapcsolatos term\u00e9keink elad\u00e1si mennyis\u00e9g\u00e9nek n\u00f6vel\u00e9s\u00e9ben. Az \u00faj g\u00e9p 20%-kal termel\u00e9kenyebb a kor\u00e1bbi t\u00edpusokhoz k\u00e9pest, ez a m\u0171szakok termel\u00e9kenys\u00e9g\u00e9ben nagyon sokat jelente, kezel\u00e9s\u00fckh\u00f6z pedig egy g\u00e9pkezel\u0151re van csak sz\u00fcks\u00e9g, a h\u00edmz\u00e9s a programoz\u00e1st k\u00f6vet\u0151en teljesen automata \u00e9s robotiz\u00e1lt.\u00a0 Eddig \u00e9vi 60-80 ezer term\u00e9k h\u00edmz\u00e9s\u00e9t tudtuk ell\u00e1tni, az \u00faj g\u00e9ppel ez\u00a0 100 ezer term\u00e9kre tud emelkedni. A kapacit\u00e1sb\u0151v\u00edt\u00e9s az\u00e9rt is fontos, mert most indult el a c\u00e9g saj\u00e1t m\u00e1rk\u00e1s term\u00e9k\u00e9nek Egyes\u00fclt Kir\u00e1lys\u00e1gbeli forgalmaz\u00e1sa is, illetve terveink k\u00f6z\u00f6tt szerepel a n\u00e9metorsz\u00e1gi piacra t\u00f6rt\u00e9n\u0151 bel\u00e9p\u00e9s is, melynek megval\u00f3s\u00edt\u00e1s\u00e1hoz az els\u0151 l\u00e9p\u00e9s a megfelel\u0151 kapacit\u00e1sok \u00e9s technol\u00f3giai h\u00e1tt\u00e9r kialak\u00edt\u00e1sa. Az \u00faj g\u00e9p fenntarthat\u00f3s\u00e1gi szempontb\u00f3l is fontos, hiszen enregia fogyaszt\u00e1s\u00e1t tekintve j\u00f3val kedvez\u0151bb a mostani g\u00e9peinkhez k\u00e9pest, \u00edgy k\u00f6rnyezetterhel\u00e9s\u00fcnk cs\u00f6kken.<u><\/u><u><\/u><\/p><p>C\u00e9lunk a beruh\u00e1z\u00e1ssal az volt, hogy er\u0151s\u00edts\u00fck \u00e9s fejlessz\u00fck saj\u00e1t m\u00e1rk\u00e1nkat, b\u0151v\u00edts\u00fck a stabil megrendel\u0151i k\u00f6r\u00fcnket, \u00edgy biztos\u00edtva a t\u00f6bb l\u00e1bon \u00e1ll\u00e1st, ami egy ilyen neh\u00e9z helyzetben is v\u00e1ls\u00e1g\u00e1ll\u00f3v\u00e1 teheti a c\u00e9get.<\/p>\t\t\t\t\t\t<\/div>\n\t\t\t\t<\/div>\n\t\t\t\t\t<\/div>\n\t\t<\/div>\n\t\t\t\t\t\t\t<\/div>\n\t\t<\/section>\n\t\t\t\t<section class=\"elementor-section elementor-top-section elementor-element elementor-element-c1e4ed9 elementor-section-boxed elementor-section-height-default elementor-section-height-default\" data-id=\"c1e4ed9\" data-element_type=\"section\">\n\t\t\t\t\t\t<div class=\"elementor-container elementor-column-gap-default\">\n\t\t\t\t\t<div class=\"elementor-column elementor-col-100 elementor-top-column elementor-element elementor-element-c024014\" data-id=\"c024014\" data-element_type=\"column\">\n\t\t\t<div class=\"elementor-widget-wrap elementor-element-populated\">\n\t\t\t\t\t\t\t\t<div class=\"elementor-element elementor-element-81a2ce2 elementor-widget-divider--view-line elementor-widget elementor-widget-divider\" data-id=\"81a2ce2\" data-element_type=\"widget\" data-widget_type=\"divider.default\">\n\t\t\t\t<div class=\"elementor-widget-container\">\n\t\t\t\t\t<div class=\"elementor-divider\">\n\t\t\t<span class=\"elementor-divider-separator\">\n\t\t\t\t\t\t<\/span>\n\t\t<\/div>\n\t\t\t\t<\/div>\n\t\t\t\t<\/div>\n\t\t\t\t\t<\/div>\n\t\t<\/div>\n\t\t\t\t\t\t\t<\/div>\n\t\t<\/section>\n\t\t\t\t<section class=\"elementor-section elementor-top-section elementor-element elementor-element-15aa80e elementor-section-boxed elementor-section-height-default elementor-section-height-default\" data-id=\"15aa80e\" data-element_type=\"section\">\n\t\t\t\t\t\t<div class=\"elementor-container elementor-column-gap-default\">\n\t\t\t\t\t<div class=\"elementor-column elementor-col-100 elementor-top-column elementor-element elementor-element-0864298\" data-id=\"0864298\" data-element_type=\"column\">\n\t\t\t<div class=\"elementor-widget-wrap elementor-element-populated\">\n\t\t\t\t\t\t\t\t<div class=\"elementor-element elementor-element-c26047b elementor-widget elementor-widget-text-editor\" data-id=\"c26047b\" data-element_type=\"widget\" data-widget_type=\"text-editor.default\">\n\t\t\t\t<div class=\"elementor-widget-container\">\n\t\t\t\t\t\t\t<p><img loading=\"lazy\" class=\"alignnone size-medium wp-image-627\" src=\"https:\/\/reklamhimzes.hu\/wp-content\/uploads\/2024\/07\/1_infoblokk_2020_ERFA_3C-300x125.jpg\" alt=\"\" width=\"300\" height=\"125\" srcset=\"https:\/\/reklamhimzes.hu\/wp-content\/uploads\/2024\/07\/1_infoblokk_2020_ERFA_3C-300x125.jpg 300w, https:\/\/reklamhimzes.hu\/wp-content\/uploads\/2024\/07\/1_infoblokk_2020_ERFA_3C.jpg 708w\" sizes=\"(max-width: 300px) 100vw, 300px\" \/><\/p><table style=\"font-weight: 400;\" width=\"497\"><tbody><tr><td width=\"197\"><p>P\u00e1ly\u00e1z\u00f3 neve:<\/p><\/td><td width=\"300\"><p>S\u00dcLEYMAN Korl\u00e1tolt Felel\u0151ss\u00e9g\u0171 T\u00e1rsas\u00e1g<\/p><\/td><\/tr><tr><td width=\"197\"><p>Projekt c\u00edme:<\/p><\/td><td width=\"300\"><p>S\u00fcleyman Kft. EDZ\u0150TEREM \u00e9p\u00fclet\u00e9nek korszer\u0171s\u00edt\u00e9se<\/p><\/td><\/tr><tr><td width=\"197\"><p>P\u00e1ly\u00e1zati ki\u00edr\u00e1s megnevez\u00e9se:<\/p><\/td><td width=\"300\"><p>VEKOP-5.1.1-5-1-2-16 &#8211; V\u00e1llalkoz\u00e1sok meg\u00fajul\u00f3 energia haszn\u00e1lat\u00e1val megval\u00f3sul\u00f3 \u00e9p\u00fcletenergetikai fejleszt\u00e9seinek t\u00e1mogat\u00e1sa a k\u00f6z\u00e9p-magyarorsz\u00e1gi r\u00e9gi\u00f3ban kombin\u00e1lt hitelterm\u00e9kkel<\/p><\/td><\/tr><tr><td width=\"197\"><p>Projekt azonos\u00edt\u00f3 sz\u00e1ma:<\/p><\/td><td width=\"300\"><p>VEKOP-5.1.1-5.1.2-16-2018-00124<\/p><\/td><\/tr><tr><td width=\"197\"><p>Projekt helysz\u00edne:<\/p><\/td><td width=\"300\"><p>1165 Budapest \u00dajsz\u00e1sz utca 45\/B<\/p><\/td><\/tr><tr><td width=\"197\"><p>T\u00e1mogat\u00e1s \u00f6sszege:<\/p><\/td><td width=\"300\"><p>26 232 828- HUF<\/p><\/td><\/tr><tr><td width=\"197\"><p>K\u00f6lcs\u00f6n \u00f6sszege:<\/p><\/td><td width=\"300\"><p>26 881\u00a0518.- HUF<\/p><\/td><\/tr><tr><td width=\"197\"><p>T\u00e1mogat\u00e1s ar\u00e1nya:<\/p><\/td><td width=\"300\"><p>44 %<\/p><\/td><\/tr><tr><td width=\"197\"><p>Projekt \u00f6sszk\u00f6lts\u00e9g:<\/p><\/td><td width=\"300\"><p>59 736 708.- HUF<\/p><\/td><\/tr><tr><td width=\"197\"><p>Forr\u00e1s:<\/p><p>A projekt t\u00e9nyleges befejez\u00e9se:<\/p><\/td><td width=\"300\"><p>ERFA<\/p><p>2020.12.15.<\/p><\/td><\/tr><\/tbody><\/table><p>\u00a0<\/p>\t\t\t\t\t\t<\/div>\n\t\t\t\t<\/div>\n\t\t\t\t\t<\/div>\n\t\t<\/div>\n\t\t\t\t\t\t\t<\/div>\n\t\t<\/section>\n\t\t\t\t<section class=\"elementor-section elementor-top-section elementor-element elementor-element-c62f10c elementor-section-boxed elementor-section-height-default elementor-section-height-default\" data-id=\"c62f10c\" data-element_type=\"section\">\n\t\t\t\t\t\t<div class=\"elementor-container elementor-column-gap-default\">\n\t\t\t\t\t<div class=\"elementor-column elementor-col-100 elementor-top-column elementor-element elementor-element-d0ab506\" data-id=\"d0ab506\" data-element_type=\"column\">\n\t\t\t<div class=\"elementor-widget-wrap elementor-element-populated\">\n\t\t\t\t\t\t\t\t<div class=\"elementor-element elementor-element-a61d296 elementor-widget elementor-widget-text-editor\" data-id=\"a61d296\" data-element_type=\"widget\" data-widget_type=\"text-editor.default\">\n\t\t\t\t<div class=\"elementor-widget-container\">\n\t\t\t\t\t\t\t<p>Az energetikai beruh\u00e1z\u00e1s a 1165 Budapest, \u00dajsz\u00e1sz u. 45\/b hrsz.: 103772\/18 ingatlanon val\u00f3sult meg. Az \u00e9p\u00fcletszerkezetek m\u00e1r k\u00f6zel 50 \u00e9vesek, az \u00e9p\u00fclet fel\u00faj\u00edt\u00e1si, korszer\u0171s\u00edt\u00e9si folyamata, a rendeltet\u00e9sszer\u0171 \u00e9s biztons\u00e1gos haszn\u00e1lata, az \u00fczemeltet\u00e9si \u00e9s m\u0171k\u00f6dtet\u00e9si k\u00f6lts\u00e9gek cs\u00f6kkent\u00e9se \u00e9rdek\u00e9ben elod\u00e1zhatatlan. A beruh\u00e1z\u00e1s hat\u00e1s\u00e1ra a GG energetikai besorol\u00e1s BB besorol\u00e1sra javult. Ehhez a k\u00f6vetkez\u0151 korszer\u0171s\u00edt\u00e9si munk\u00e1latokat v\u00e9gezt\u00fck el: homlokzati, l\u00e1bazati \u00e9s lapostet\u0151 h\u0151szigetel\u00e9se, ny\u00edl\u00e1sz\u00e1r\u00f3csere, fel\u00fclvil\u00e1g\u00edt\u00f3k cser\u00e9je, g\u00e9p\u00e9szeti korszer\u0171s\u00edt\u00e9s, h\u0151szivatty\u00fa \u00e9s napelemes rendszer telep\u00edt\u00e9se.<\/p><p>1.\u00c9p\u00edt\u00e9szeti munk\u00e1k: A homlokzat \u00e1ltal\u00e1nos fel\u00fclet\u00e9n homlokzati h\u0151szigetel\u0151 rendszer k\u00e9sz\u00fclt 16 cm vastag grafitos h\u0151szigetel\u00e9ssel, v\u00e9konyvakolat fel\u00fcletk\u00e9pz\u00e9ssel. L\u00e1bazatra 14 cm formahabos\u00edtott EPS h\u0151szigetel\u00e9s l\u00e1bazati m\u0171gyant\u00e1s vakolattal.\u00a0 Az 5 db elavult fa ny\u00edl\u00e1sz\u00e1r\u00f3t \u00faj m\u0171anyag keret \u00e9s sz\u00e1rnyszerkezet\u0171, 3 r\u00e9teg \u00fcvegez\u00e9s\u0171, melegperemes ablakokra cser\u00e9lt\u00fck. A kaz\u00e1nh\u00e1zi ablak fel\u00e9t falaztuk az \u00faj k\u00e9m\u00e9ny\u00e1tvezet\u00e9s miatt, \u00edgy oda egy 120\/85-\u00f6s \u00faj ablak ker\u00fclt. A ny\u00edl\u00e1sz\u00e1r\u00f3k cser\u00e9je ut\u00e1n a 3 cm k\u00e1va h\u0151szigetel\u00e9s k\u00e9sz\u00fclt.\u00a0 A lapostet\u0151re 20 cm AUSTROTHERM GRAFIT 100 szigetel\u00e9st helyezt\u00fcnk el \u00e9s teljesen \u00faj v\u00edzszigetel\u00e9st, \u00faj v\u00edzelvezet\u00e9ssel. A 2 db elavult fel\u00fclvil\u00e1g\u00edt\u00f3t \u00faj m\u0171anyag, t\u00f6bb r\u00e9teg\u0171 polikarbon\u00e1t, szerkezetre cser\u00e9lt\u00fck.<\/p><p>2.G\u00e9p\u00e9szeti munk\u00e1k: K\u00f6zponti f\u0171t\u00e9s: Az \u00e9p\u00fclet f\u0171t\u00e9s\u00e9t 1db Wolf FGB-35 35kW n\u00e9vleges teljes\u00edtm\u00e9ny\u0171 z\u00e1rt \u00e9g\u00e9ster\u0171 kombi kondenz\u00e1ci\u00f3s kaz\u00e1n l\u00e1tja el a fel\u00faj\u00edt\u00e1s ut\u00e1n.\u00a0 A kaz\u00e1n egy 50kW-os lemezes h\u0151cser\u00e9l\u0151n kereszt\u00fcl a f\u0171t\u00e9si k\u00f6rre csatlakozik. A 300L-es HMV t\u00e1rol\u00f3t pedig a h\u0151cser\u00e9l\u0151j\u00e9n kereszt\u00fcl f\u0171ti a kaz\u00e1n el\u0151nykapcsol\u00e1sban.\u00a0 Az \u00f6sszes radi\u00e1toron termosztatikusra cser\u00e9lt\u00fck a megl\u00e9v\u0151 szelepeket, de m\u00e1s m\u00f3dos\u00edt\u00e1st (radi\u00e1tor csere, cs\u00f6vez\u00e9s, szigetel\u00e9s) a szekunder f\u0171t\u00e9si k\u00f6r\u00f6n nem v\u00e9gzt\u00fcnk. A f\u0171t\u00e9si rendszer 60\/45\u00b0C maxim\u00e1lis h\u0151fokl\u00e9pcs\u0151vel \u00fczemel.\u00a0 A f\u0171t\u00e9si szekunder k\u00f6r v\u00e9delm\u00e9re szennyfog\u00f3 sz\u0171r\u0151t \u00e9s m\u00e1gneses iszaplev\u00e1laszt\u00f3t \u00e9p\u00edtett\u00fcnk be. Szell\u0151z\u00e9s: Az \u00e9p\u00fclet jelenleg f\u0151k\u00e9nt konditeremk\u00e9nt \u00fczemel, \u00edgy a l\u00e9gcsere kiemelt fontoss\u00e1ga miatt egy 34,5kW-os h\u0151szivatty\u00faval f\u0171t\u00f6tt\u2013h\u0171t\u00f6tt h\u0151visszanyer\u0151s l\u00e9gkezel\u0151 g\u00e9p ker\u00fclt telep\u00edt\u00e9sre. A g\u00e9peket az \u00e9p\u00fclet tetej\u00e9n helyezt\u00fck el. A g\u00e9p maxim\u00e1lis t\u00e9rfogat\u00e1rama 2400m3\/h lesz.<\/p><ol><li>Napelemes rendszer telep\u00edt\u00e9se: A telep\u00edtett h\u00e1ztart\u00e1si m\u00e9ret\u0171 kiser\u0151m\u0171 teljes\u00edtm\u00e9nye 27,6 kW. A Beruh\u00e1z\u00f3 c\u00e9lja, hogy villamos energi\u00e1t termeljen meg\u00fajul\u00f3 energiaforr\u00e1s felhaszn\u00e1l\u00e1s\u00e1val. Termel\u0151 berendez\u00e9s k\u00e9t f\u0151 r\u00e9szb\u0151l: 92 db IBC Polysol 290 Wp t\u00edpus\u00fa napcell\u00e1b\u00f3l illetve 1db 3~, ABB TRIO-27.6-TL-OUTD-400 inverterb\u0151l \u00e1ll.<\/li><\/ol>\t\t\t\t\t\t<\/div>\n\t\t\t\t<\/div>\n\t\t\t\t\t<\/div>\n\t\t<\/div>\n\t\t\t\t\t\t\t<\/div>\n\t\t<\/section>\n\t\t\t\t\t\t\t<\/div>\n\t\t","protected":false},"excerpt":{"rendered":"<p>P\u00e1ly\u00e1z\u00f3 neve: S\u00dcLEYMAN Korl\u00e1tolt Felel\u0151ss\u00e9g\u0171 T\u00e1rsas\u00e1g Projekt c\u00edme: Technol\u00f3giai fejleszt\u00e9s a S\u00dcLEYMAN Kft-n\u00e9l P\u00e1ly\u00e1zati ki\u00edr\u00e1s megnevez\u00e9se: VEKOP-1.2.7-20 &#8211; Divat \u00e9s Diz\u00e1jnipari mikro-, kis- \u00e9s k\u00f6z\u00e9pv\u00e1llalkoz\u00e1sok modern \u00fczleti \u00e9s termel\u00e9si kih\u00edv\u00e1sokhoz val\u00f3 alkalmazkod\u00e1s\u00e1t seg\u00edt\u0151 fejleszt\u00e9sek t\u00e1mogat\u00e1sa Projekt azonos\u00edt\u00f3 sz\u00e1ma: VEKOP-1.2.7-20-2021-00053 Projekt helysz\u00edne: 1165 Budapest, \u00dajsz\u00e1sz utca 45\/B. hrsz.: 103772\/18. T\u00e1mogat\u00e1s \u00f6sszege: 11\u00a0844\u00a0000\u00a0Ft T\u00e1mogat\u00e1s ar\u00e1nya: 70 % &#8230; <a title=\"Sz\u00e9chenyi 2020\" class=\"read-more\" href=\"https:\/\/reklamhimzes.hu\/?page_id=460\" aria-label=\"Tov\u00e1bbiak Sz\u00e9chenyi 2020\">Olvass tov\u00e1bb<\/a><\/p>\n","protected":false},"author":1,"featured_media":0,"parent":0,"menu_order":0,"comment_status":"closed","ping_status":"closed","template":"","meta":[],"_links":{"self":[{"href":"https:\/\/reklamhimzes.hu\/index.php?rest_route=\/wp\/v2\/pages\/460"}],"collection":[{"href":"https:\/\/reklamhimzes.hu\/index.php?rest_route=\/wp\/v2\/pages"}],"about":[{"href":"https:\/\/reklamhimzes.hu\/index.php?rest_route=\/wp\/v2\/types\/page"}],"author":[{"embeddable":true,"href":"https:\/\/reklamhimzes.hu\/index.php?rest_route=\/wp\/v2\/users\/1"}],"replies":[{"embeddable":true,"href":"https:\/\/reklamhimzes.hu\/index.php?rest_route=%2Fwp%2Fv2%2Fcomments&post=460"}],"version-history":[{"count":27,"href":"https:\/\/reklamhimzes.hu\/index.php?rest_route=\/wp\/v2\/pages\/460\/revisions"}],"predecessor-version":[{"id":636,"href":"https:\/\/reklamhimzes.hu\/index.php?rest_route=\/wp\/v2\/pages\/460\/revisions\/636"}],"wp:attachment":[{"href":"https:\/\/reklamhimzes.hu\/index.php?rest_route=%2Fwp%2Fv2%2Fmedia&parent=460"}],"curies":[{"name":"wp","href":"https:\/\/api.w.org\/{rel}","templated":true}]}}